{"id":667,"date":"2019-03-27T10:26:17","date_gmt":"2019-03-27T09:26:17","guid":{"rendered":"https:\/\/www.naturella.chproduit\/creme-fur-dem-busten\/"},"modified":"2024-09-03T15:11:36","modified_gmt":"2024-09-03T13:11:36","slug":"creme-fur-den-busen","status":"publish","type":"product","link":"https:\/\/www.naturella.ch\/de\/produkt\/creme-fur-den-busen\/","title":{"rendered":"Creme f\u00fcr den Busen"},"content":{"rendered":"<p>Im Ursprungsland Afrika geniesst Kigelia einen guten Ruf f\u00fcr seine stimulierenden Eigenschaften, w\u00e4hrend G\u00e4nsebl\u00fcmchen\u00f6l bei uns f\u00fcr seine belebenden Eigenschaften bekannt ist. Zusammen verdoppeln sie die festigende Pflege f\u00fcr Ihren Busen.<\/p>\n<p>Eine feste Brust, das will erarbeitet werden\u2009! Unsere Creme f\u00fcr den Busen vereinigt die Eigenschaften des Kigelia und der Bellis f\u00fcr eine festigende und befeuchtende Wirkung. Die riesigen Fr\u00fcchte des ausschliesslich in Afrika wachsenden Kigeliabaumes k\u00f6nnen zwischen 10 \u2013 15 kg wiegen.\u00a0 Das belebende \u00d6l der Bellis, besser bekannt unter dem h\u00fcbschen Namen G\u00e4nsebl\u00fcmchen, wird seit dem Altertum angewendet f\u00fcr die Erhaltung oder Wiedererlangung einer sch\u00f6nen und straffen Brust \u2013 die stolz auf ihre Erscheinung ist\u2009!<\/p>\n<p>Zum Festigen der Brust beenden Sie jeden Tag Ihre Dusche durch einen feinen Strahl kalten Wassers, gef\u00fchrt in der Uhrzeigerrichtung um Ihre Brust kreisend. Tragen Sie anschliessend die Creme f\u00fcr den Busen auf, beginnend an der Brustbasis, aufsteigend bis gegen den Hals.<\/p>\n","protected":false},"excerpt":{"rendered":"<h4>Kigelia, Bellis<\/h4>\n<h3>Straffheit und Festigkeit<\/h3>\n<p>Diese B\u00fcstencreme ist reich an straffenden Wirkstoffen und gibt dem Busen Formsch\u00f6nheit. Dies aus gutem Grund\u2026<\/p>\n<p>&nbsp;<\/p>\n","protected":false},"featured_media":13318,"comment_status":"open","ping_status":"closed","template":"","meta":{"_acf_changed":false,"powered_cache_disable_cache":false,"powered_cache_disable_lazyload":false,"powered_cache_disable_css_optimization":false,"powered_cache_disable_js_optimization":false},"product_brand":[],"product_cat":[58],"product_tag":[104],"class_list":{"0":"post-667","1":"product","2":"type-product","3":"status-publish","4":"has-post-thumbnail","6":"product_cat-kosmetik-schonheit","7":"product_tag-provence-de","9":"first","10":"instock","11":"shipping-taxable","12":"purchasable","13":"product-type-simple"},"acf":[],"yoast_head":"<!-- This site is optimized with the Yoast SEO Premium plugin v26.9 (Yoast SEO v27.5) - https:\/\/yoast.com\/product\/yoast-seo-premium-wordpress\/ -->\n<title>Creme f\u00fcr den Busen | Schweiz | 50 ml - Naturella Diffusion SA<\/title>\n<meta name=\"description\" content=\"Vorr\u00e4tig | \u2605\u2605\u2605 Hergestellt in der Provence \u2605\u2605 Reich an straffenden Wirkstoffen, verleiht diese B\u00fcstencreme der Brust eine wohlgeformte Form.\" \/>\n<meta name=\"robots\" content=\"index, follow, max-snippet:-1, max-image-preview:large, max-video-preview:-1\" \/>\n<link rel=\"canonical\" href=\"https:\/\/www.naturella.ch\/de\/produkt\/creme-fur-den-busen\/\" \/>\n<meta property=\"og:locale\" content=\"de_DE\" \/>\n<meta property=\"og:type\" content=\"article\" \/>\n<meta property=\"og:title\" content=\"Creme f\u00fcr den Busen\" \/>\n<meta property=\"og:description\" content=\"Vorr\u00e4tig | \u2605\u2605\u2605 Hergestellt in der Provence \u2605\u2605 Reich an straffenden Wirkstoffen, verleiht diese B\u00fcstencreme der Brust eine wohlgeformte Form.\" \/>\n<meta property=\"og:url\" content=\"https:\/\/www.naturella.ch\/de\/produkt\/creme-fur-den-busen\/\" \/>\n<meta property=\"og:site_name\" content=\"Naturella\" \/>\n<meta property=\"article:publisher\" content=\"https:\/\/www.facebook.com\/Naturella-Diffusion-102844258398231\" \/>\n<meta property=\"article:modified_time\" content=\"2024-09-03T13:11:36+00:00\" \/>\n<meta property=\"og:image\" content=\"https:\/\/www.naturella.ch\/wp-content\/uploads\/2019\/03\/Creme-buste-PNG.png\" \/>\n\t<meta property=\"og:image:width\" content=\"5504\" \/>\n\t<meta property=\"og:image:height\" content=\"6880\" \/>\n\t<meta property=\"og:image:type\" content=\"image\/png\" \/>\n<meta name=\"twitter:card\" content=\"summary_large_image\" \/>\n<meta name=\"twitter:label1\" content=\"Preis\" \/>\n\t<meta name=\"twitter:data1\" content=\"&#067;&#072;&#070;&nbsp;24.00\" \/>\n\t<meta name=\"twitter:label2\" content=\"Verf\u00fcgbarkeit\" \/>\n\t<meta name=\"twitter:data2\" content=\"Auf Lager\" \/>\n<script type=\"application\/ld+json\" class=\"yoast-schema-graph\">{\"@context\":\"https:\\\/\\\/schema.org\",\"@graph\":[{\"@type\":\"WebPage\",\"@id\":\"https:\\\/\\\/www.naturella.ch\\\/de\\\/produkt\\\/creme-fur-den-busen\\\/\",\"url\":\"https:\\\/\\\/www.naturella.ch\\\/de\\\/produkt\\\/creme-fur-den-busen\\\/\",\"name\":\"Creme f\u00fcr den Busen | Schweiz | 50 ml - Naturella Diffusion SA\",\"isPartOf\":{\"@id\":\"https:\\\/\\\/www.naturella.ch\\\/de\\\/#website\"},\"primaryImageOfPage\":{\"@id\":\"https:\\\/\\\/www.naturella.ch\\\/de\\\/produkt\\\/creme-fur-den-busen\\\/#primaryimage\"},\"image\":{\"@id\":\"https:\\\/\\\/www.naturella.ch\\\/de\\\/produkt\\\/creme-fur-den-busen\\\/#primaryimage\"},\"thumbnailUrl\":\"https:\\\/\\\/www.naturella.ch\\\/wp-content\\\/uploads\\\/2019\\\/03\\\/Creme-buste-PNG.png\",\"datePublished\":\"2019-03-27T09:26:17+00:00\",\"dateModified\":\"2024-09-03T13:11:36+00:00\",\"description\":\"Vorr\u00e4tig | \u2605\u2605\u2605 Hergestellt in der Provence \u2605\u2605 Reich an straffenden Wirkstoffen, verleiht diese B\u00fcstencreme der Brust eine wohlgeformte Form.\",\"breadcrumb\":{\"@id\":\"https:\\\/\\\/www.naturella.ch\\\/de\\\/produkt\\\/creme-fur-den-busen\\\/#breadcrumb\"},\"inLanguage\":\"de\",\"potentialAction\":[{\"@type\":\"ReadAction\",\"target\":[\"https:\\\/\\\/www.naturella.ch\\\/de\\\/produkt\\\/creme-fur-den-busen\\\/\"]}]},{\"@type\":\"ImageObject\",\"inLanguage\":\"de\",\"@id\":\"https:\\\/\\\/www.naturella.ch\\\/de\\\/produkt\\\/creme-fur-den-busen\\\/#primaryimage\",\"url\":\"https:\\\/\\\/www.naturella.ch\\\/wp-content\\\/uploads\\\/2019\\\/03\\\/Creme-buste-PNG.png\",\"contentUrl\":\"https:\\\/\\\/www.naturella.ch\\\/wp-content\\\/uploads\\\/2019\\\/03\\\/Creme-buste-PNG.png\",\"width\":5504,\"height\":6880,\"caption\":\"Cr\u00e8me pour le buste 50ml\"},{\"@type\":\"BreadcrumbList\",\"@id\":\"https:\\\/\\\/www.naturella.ch\\\/de\\\/produkt\\\/creme-fur-den-busen\\\/#breadcrumb\",\"itemListElement\":[{\"@type\":\"ListItem\",\"position\":1,\"name\":\"Accueil\",\"item\":\"https:\\\/\\\/www.naturella.ch\\\/de\\\/\"},{\"@type\":\"ListItem\",\"position\":2,\"name\":\"Online-Shop\",\"item\":\"https:\\\/\\\/www.naturella.ch\\\/de\\\/online-shop\\\/\"},{\"@type\":\"ListItem\",\"position\":3,\"name\":\"Creme f\u00fcr den Busen\"}]},{\"@type\":\"WebSite\",\"@id\":\"https:\\\/\\\/www.naturella.ch\\\/de\\\/#website\",\"url\":\"https:\\\/\\\/www.naturella.ch\\\/de\\\/\",\"name\":\"Naturella\",\"description\":\"\",\"publisher\":{\"@id\":\"https:\\\/\\\/www.naturella.ch\\\/de\\\/#organization\"},\"potentialAction\":[{\"@type\":\"SearchAction\",\"target\":{\"@type\":\"EntryPoint\",\"urlTemplate\":\"https:\\\/\\\/www.naturella.ch\\\/de\\\/?s={search_term_string}\"},\"query-input\":{\"@type\":\"PropertyValueSpecification\",\"valueRequired\":true,\"valueName\":\"search_term_string\"}}],\"inLanguage\":\"de\"},{\"@type\":\"Organization\",\"@id\":\"https:\\\/\\\/www.naturella.ch\\\/de\\\/#organization\",\"name\":\"Naturella Diffusion SA\",\"url\":\"https:\\\/\\\/www.naturella.ch\\\/de\\\/\",\"logo\":{\"@type\":\"ImageObject\",\"inLanguage\":\"de\",\"@id\":\"https:\\\/\\\/www.naturella.ch\\\/de\\\/#\\\/schema\\\/logo\\\/image\\\/\",\"url\":\"https:\\\/\\\/www.naturella.ch\\\/wp-content\\\/uploads\\\/2021\\\/04\\\/Logo-Naturella_2021_RVB-e1619530233334.png\",\"contentUrl\":\"https:\\\/\\\/www.naturella.ch\\\/wp-content\\\/uploads\\\/2021\\\/04\\\/Logo-Naturella_2021_RVB-e1619530233334.png\",\"width\":340,\"height\":170,\"caption\":\"Naturella Diffusion SA\"},\"image\":{\"@id\":\"https:\\\/\\\/www.naturella.ch\\\/de\\\/#\\\/schema\\\/logo\\\/image\\\/\"},\"sameAs\":[\"https:\\\/\\\/www.facebook.com\\\/Naturella-Diffusion-102844258398231\",\"https:\\\/\\\/www.instagram.com\\\/naturella_diffusion\\\/\"],\"hasMerchantReturnPolicy\":{\"@type\":\"MerchantReturnPolicy\",\"merchantReturnLink\":\"https:\\\/\\\/www.naturella.ch\\\/remboursements_retours\\\/\"}}]}<\/script>\n<meta property=\"product:price:amount\" content=\"24.00\" \/>\n<meta property=\"product:price:currency\" content=\"CHF\" \/>\n<meta property=\"og:availability\" content=\"instock\" \/>\n<meta property=\"product:availability\" content=\"instock\" \/>\n<meta property=\"product:retailer_item_id\" content=\"4200\" \/>\n<meta property=\"product:condition\" content=\"new\" \/>\n<!-- \/ Yoast SEO Premium plugin. -->","yoast_head_json":{"title":"Creme f\u00fcr den Busen | Schweiz | 50 ml - Naturella Diffusion SA","description":"Vorr\u00e4tig | \u2605\u2605\u2605 Hergestellt in der Provence \u2605\u2605 Reich an straffenden Wirkstoffen, verleiht diese B\u00fcstencreme der Brust eine wohlgeformte Form.","robots":{"index":"index","follow":"follow","max-snippet":"max-snippet:-1","max-image-preview":"max-image-preview:large","max-video-preview":"max-video-preview:-1"},"canonical":"https:\/\/www.naturella.ch\/de\/produkt\/creme-fur-den-busen\/","og_locale":"de_DE","og_type":"article","og_title":"Creme f\u00fcr den Busen","og_description":"Vorr\u00e4tig | \u2605\u2605\u2605 Hergestellt in der Provence \u2605\u2605 Reich an straffenden Wirkstoffen, verleiht diese B\u00fcstencreme der Brust eine wohlgeformte Form.","og_url":"https:\/\/www.naturella.ch\/de\/produkt\/creme-fur-den-busen\/","og_site_name":"Naturella","article_publisher":"https:\/\/www.facebook.com\/Naturella-Diffusion-102844258398231","article_modified_time":"2024-09-03T13:11:36+00:00","og_image":[{"width":5504,"height":6880,"url":"https:\/\/www.naturella.ch\/wp-content\/uploads\/2019\/03\/Creme-buste-PNG.png","type":"image\/png"}],"twitter_card":"summary_large_image","twitter_misc":{"Preis":"&#67;&#72;&#70;&nbsp;24.00","Verf\u00fcgbarkeit":"Auf Lager"},"schema":{"@context":"https:\/\/schema.org","@graph":[{"@type":"WebPage","@id":"https:\/\/www.naturella.ch\/de\/produkt\/creme-fur-den-busen\/","url":"https:\/\/www.naturella.ch\/de\/produkt\/creme-fur-den-busen\/","name":"Creme f\u00fcr den Busen | Schweiz | 50 ml - Naturella Diffusion SA","isPartOf":{"@id":"https:\/\/www.naturella.ch\/de\/#website"},"primaryImageOfPage":{"@id":"https:\/\/www.naturella.ch\/de\/produkt\/creme-fur-den-busen\/#primaryimage"},"image":{"@id":"https:\/\/www.naturella.ch\/de\/produkt\/creme-fur-den-busen\/#primaryimage"},"thumbnailUrl":"https:\/\/www.naturella.ch\/wp-content\/uploads\/2019\/03\/Creme-buste-PNG.png","datePublished":"2019-03-27T09:26:17+00:00","dateModified":"2024-09-03T13:11:36+00:00","description":"Vorr\u00e4tig | \u2605\u2605\u2605 Hergestellt in der Provence \u2605\u2605 Reich an straffenden Wirkstoffen, verleiht diese B\u00fcstencreme der Brust eine wohlgeformte Form.","breadcrumb":{"@id":"https:\/\/www.naturella.ch\/de\/produkt\/creme-fur-den-busen\/#breadcrumb"},"inLanguage":"de","potentialAction":[{"@type":"ReadAction","target":["https:\/\/www.naturella.ch\/de\/produkt\/creme-fur-den-busen\/"]}]},{"@type":"ImageObject","inLanguage":"de","@id":"https:\/\/www.naturella.ch\/de\/produkt\/creme-fur-den-busen\/#primaryimage","url":"https:\/\/www.naturella.ch\/wp-content\/uploads\/2019\/03\/Creme-buste-PNG.png","contentUrl":"https:\/\/www.naturella.ch\/wp-content\/uploads\/2019\/03\/Creme-buste-PNG.png","width":5504,"height":6880,"caption":"Cr\u00e8me pour le buste 50ml"},{"@type":"BreadcrumbList","@id":"https:\/\/www.naturella.ch\/de\/produkt\/creme-fur-den-busen\/#breadcrumb","itemListElement":[{"@type":"ListItem","position":1,"name":"Accueil","item":"https:\/\/www.naturella.ch\/de\/"},{"@type":"ListItem","position":2,"name":"Online-Shop","item":"https:\/\/www.naturella.ch\/de\/online-shop\/"},{"@type":"ListItem","position":3,"name":"Creme f\u00fcr den Busen"}]},{"@type":"WebSite","@id":"https:\/\/www.naturella.ch\/de\/#website","url":"https:\/\/www.naturella.ch\/de\/","name":"Naturella","description":"","publisher":{"@id":"https:\/\/www.naturella.ch\/de\/#organization"},"potentialAction":[{"@type":"SearchAction","target":{"@type":"EntryPoint","urlTemplate":"https:\/\/www.naturella.ch\/de\/?s={search_term_string}"},"query-input":{"@type":"PropertyValueSpecification","valueRequired":true,"valueName":"search_term_string"}}],"inLanguage":"de"},{"@type":"Organization","@id":"https:\/\/www.naturella.ch\/de\/#organization","name":"Naturella Diffusion SA","url":"https:\/\/www.naturella.ch\/de\/","logo":{"@type":"ImageObject","inLanguage":"de","@id":"https:\/\/www.naturella.ch\/de\/#\/schema\/logo\/image\/","url":"https:\/\/www.naturella.ch\/wp-content\/uploads\/2021\/04\/Logo-Naturella_2021_RVB-e1619530233334.png","contentUrl":"https:\/\/www.naturella.ch\/wp-content\/uploads\/2021\/04\/Logo-Naturella_2021_RVB-e1619530233334.png","width":340,"height":170,"caption":"Naturella Diffusion SA"},"image":{"@id":"https:\/\/www.naturella.ch\/de\/#\/schema\/logo\/image\/"},"sameAs":["https:\/\/www.facebook.com\/Naturella-Diffusion-102844258398231","https:\/\/www.instagram.com\/naturella_diffusion\/"],"hasMerchantReturnPolicy":{"@type":"MerchantReturnPolicy","merchantReturnLink":"https:\/\/www.naturella.ch\/remboursements_retours\/"}}]},"product_price_amount":"24.00","product_price_currency":"CHF","og_availability":"instock","product_availability":"instock","product_retailer_item_id":"4200","product_condition":"new"},"_links":{"self":[{"href":"https:\/\/www.naturella.ch\/de\/wp-json\/wp\/v2\/product\/667","targetHints":{"allow":["GET"]}}],"collection":[{"href":"https:\/\/www.naturella.ch\/de\/wp-json\/wp\/v2\/product"}],"about":[{"href":"https:\/\/www.naturella.ch\/de\/wp-json\/wp\/v2\/types\/product"}],"replies":[{"embeddable":true,"href":"https:\/\/www.naturella.ch\/de\/wp-json\/wp\/v2\/comments?post=667"}],"wp:featuredmedia":[{"embeddable":true,"href":"https:\/\/www.naturella.ch\/de\/wp-json\/wp\/v2\/media\/13318"}],"wp:attachment":[{"href":"https:\/\/www.naturella.ch\/de\/wp-json\/wp\/v2\/media?parent=667"}],"wp:term":[{"taxonomy":"product_brand","embeddable":true,"href":"https:\/\/www.naturella.ch\/de\/wp-json\/wp\/v2\/product_brand?post=667"},{"taxonomy":"product_cat","embeddable":true,"href":"https:\/\/www.naturella.ch\/de\/wp-json\/wp\/v2\/product_cat?post=667"},{"taxonomy":"product_tag","embeddable":true,"href":"https:\/\/www.naturella.ch\/de\/wp-json\/wp\/v2\/product_tag?post=667"}],"curies":[{"name":"wp","href":"https:\/\/api.w.org\/{rel}","templated":true}]}}